{"id":17192,"date":"2025-03-12T10:28:49","date_gmt":"2025-03-12T09:28:49","guid":{"rendered":"https:\/\/szkoladucha.pl\/duchowosc\/?page_id=17192"},"modified":"2025-03-14T15:06:25","modified_gmt":"2025-03-14T14:06:25","slug":"lazy-summer-camp-2024","status":"publish","type":"page","link":"https:\/\/szkoladucha.pl\/duchowosc\/lazy-summer-camp-2024\/","title":{"rendered":"Lazy Summer Camp 2024"},"content":{"rendered":"<div class=\"gb-container gb-container-310972ae alignfull\">\n<div class=\"gb-container gb-container-b12f62fd alignfull\">\n<div class=\"gb-container gb-container-22ae239c\">\n<div class=\"gb-container gb-container-0d6704dc\">\n<div class=\"gb-container gb-container-d3196972\">\n<div class=\"gb-container gb-container-1da11c74\">\n<div class=\"wp-block-image\">\n<figure class=\"aligncenter size-full\"><img loading=\"lazy\" decoding=\"async\" width=\"600\" height=\"640\" src=\"https:\/\/szkoladucha.b-cdn.net\/duchowosc\/wp-content\/uploads\/sites\/13\/2024\/09\/2-oboz-letni-2024.jpg?x59117\" alt=\"\" class=\"wp-image-16459\" srcset=\"https:\/\/szkoladucha.pl\/duchowosc\/wp-content\/uploads\/sites\/13\/2024\/09\/2-oboz-letni-2024.jpg 600w, https:\/\/szkoladucha.pl\/duchowosc\/wp-content\/uploads\/sites\/13\/2024\/09\/2-oboz-letni-2024-281x300.jpg 281w, https:\/\/szkoladucha.pl\/duchowosc\/wp-content\/uploads\/sites\/13\/2024\/09\/2-oboz-letni-2024-400x427.jpg 400w\" sizes=\"auto, (max-width: 600px) 100vw, 600px\" \/><\/figure>\n<\/div>\n\n\n<a class=\"gb-button gb-button-b9d3aed6 gb-button-text\" href=\"#zapisz\">Subskrybuj<\/a>\n\n<\/div>\n<\/div>\n\n<div class=\"gb-container gb-container-6a4f16ac\">\n\n<h4 class=\"gb-headline gb-headline-32708916 gb-headline-text\"><strong><strong>Czym jest Lazy Summer Camp?<\/strong><\/strong><\/h4>\n\n\n\n<h4 class=\"gb-headline gb-headline-c3f81a80 gb-headline-text\">Masz problemy w pracy, w ma\u0142\u017ce\u0144stwie lub ze zdrowiem? Uwa\u017casz, \u017ce nic nie mo\u017cesz na to poradzi\u0107 i ju\u017c dawno pogodzi\u0142e\u015b si\u0119 z tym? Wsta\u0144 z kanapy i we\u017a odpowiedzialno\u015b\u0107 za Twoje \u201cdzisiaj\u201d! Przekonaj si\u0119 sam, \u017ce jeszcze nie zrobi\u0142e\u015b wszystkiego!<\/h4>\n\n\n\n<h4 class=\"gb-headline gb-headline-57bda8f7 gb-headline-text\">\u2705 Co zrobi\u0107, by wzi\u0105\u0107 odpowiedzialno\u015b\u0107 za swoje my\u015blenie i zmieni\u0107 swoje \u017cycie?<br>\u2705 Jak dawa\u0107 dziesi\u0119cin\u0119, kiedy masz ma\u0142o?<br>\u2705 Co Jezus mia\u0142 na my\u015bli, m\u00f3wi\u0105c o wzi\u0119ciu krzy\u017ca?<br>\u2705 Dlaczego Twoje my\u015bli maj\u0105 wp\u0142yw na zachowanie innych?<br>\u2705 Jak krok po kroku skasowa\u0107 program ofiary w Twoim umy\u015ble?<\/h4>\n\n\n<div class=\"gb-container gb-container-4bc7f516\">\n<div class=\"gb-container gb-container-6b6adda0\">\n<div class=\"gb-container gb-container-f8f83907\">\n\n<figure class=\"wp-block-image size-full\"><img decoding=\"async\" src=\"https:\/\/szkoladucha.pl\/wp-content\/uploads\/2025\/02\/image.png\" alt=\"\" class=\"wp-image-31372\" \/><\/figure>\n\n<\/div>\n\n<div class=\"gb-container gb-container-b0baedd2\">\n\n<h2 class=\"gb-headline gb-headline-4c56048f gb-headline-text\">6 godz. 10 min.<\/h2>\n\n<\/div>\n<\/div>\n\n<div class=\"gb-container gb-container-2d346f14\">\n<div class=\"gb-container gb-container-756cd317\">\n\n<figure class=\"wp-block-image size-full\"><img decoding=\"async\" src=\"https:\/\/szkoladucha.pl\/wp-content\/uploads\/2025\/02\/image-1.png\" alt=\"\" class=\"wp-image-31373\" \/><\/figure>\n\n<\/div>\n\n<div class=\"gb-container gb-container-a9acdcdf\">\n\n<h2 class=\"gb-headline gb-headline-9d30023a gb-headline-text\">13 naucza\u0144<\/h2>\n\n<\/div>\n<\/div>\n<\/div>\n\n\n<h2 class=\"gb-headline gb-headline-3e322014 gb-headline-text\">Prowadz\u0105cy<\/h2>\n\n\n<div class=\"gb-container gb-container-e7133620\">\n<div class=\"gb-container gb-container-482b70c4\">\n<div class=\"gb-container gb-container-39953308\">\n\n<figure class=\"wp-block-image size-full is-style-rounded\"><img loading=\"lazy\" decoding=\"async\" width=\"1080\" height=\"1080\" src=\"https:\/\/szkoladucha.b-cdn.net\/duchowosc\/wp-content\/uploads\/sites\/13\/2025\/03\/7.jpg?x59117\" alt=\"\" class=\"wp-image-17085\" srcset=\"https:\/\/szkoladucha.pl\/duchowosc\/wp-content\/uploads\/sites\/13\/2025\/03\/7.jpg 1080w, https:\/\/szkoladucha.pl\/duchowosc\/wp-content\/uploads\/sites\/13\/2025\/03\/7-300x300.jpg 300w, https:\/\/szkoladucha.pl\/duchowosc\/wp-content\/uploads\/sites\/13\/2025\/03\/7-1024x1024.jpg 1024w, https:\/\/szkoladucha.pl\/duchowosc\/wp-content\/uploads\/sites\/13\/2025\/03\/7-150x150.jpg 150w, https:\/\/szkoladucha.pl\/duchowosc\/wp-content\/uploads\/sites\/13\/2025\/03\/7-768x768.jpg 768w, https:\/\/szkoladucha.pl\/duchowosc\/wp-content\/uploads\/sites\/13\/2025\/03\/7-400x400.jpg 400w, https:\/\/szkoladucha.pl\/duchowosc\/wp-content\/uploads\/sites\/13\/2025\/03\/7-100x100.jpg 100w\" sizes=\"auto, (max-width: 1080px) 100vw, 1080px\" \/><\/figure>\n\n\n\n<h2 class=\"gb-headline gb-headline-0d14196e gb-headline-text\">dr Anna Saj<br><\/h2>\n\n<\/div>\n\n<div class=\"gb-container gb-container-bb500b29\">\n\n<figure class=\"wp-block-image size-full is-style-rounded\"><img loading=\"lazy\" decoding=\"async\" width=\"1080\" height=\"1080\" src=\"https:\/\/szkoladucha.b-cdn.net\/duchowosc\/wp-content\/uploads\/sites\/13\/2025\/03\/kalendarz-SD-9.jpg?x59117\" alt=\"\" class=\"wp-image-17096\" srcset=\"https:\/\/szkoladucha.pl\/duchowosc\/wp-content\/uploads\/sites\/13\/2025\/03\/kalendarz-SD-9.jpg 1080w, https:\/\/szkoladucha.pl\/duchowosc\/wp-content\/uploads\/sites\/13\/2025\/03\/kalendarz-SD-9-300x300.jpg 300w, https:\/\/szkoladucha.pl\/duchowosc\/wp-content\/uploads\/sites\/13\/2025\/03\/kalendarz-SD-9-1024x1024.jpg 1024w, https:\/\/szkoladucha.pl\/duchowosc\/wp-content\/uploads\/sites\/13\/2025\/03\/kalendarz-SD-9-150x150.jpg 150w, https:\/\/szkoladucha.pl\/duchowosc\/wp-content\/uploads\/sites\/13\/2025\/03\/kalendarz-SD-9-768x768.jpg 768w, https:\/\/szkoladucha.pl\/duchowosc\/wp-content\/uploads\/sites\/13\/2025\/03\/kalendarz-SD-9-400x400.jpg 400w, https:\/\/szkoladucha.pl\/duchowosc\/wp-content\/uploads\/sites\/13\/2025\/03\/kalendarz-SD-9-100x100.jpg 100w\" sizes=\"auto, (max-width: 1080px) 100vw, 1080px\" \/><\/figure>\n\n\n\n<h2 class=\"gb-headline gb-headline-0e579162 gb-headline-text\">Micha\u0142 Saj<br><\/h2>\n\n<\/div>\n\n<div class=\"gb-container gb-container-c428696d\">\n\n<figure class=\"wp-block-image size-full is-style-rounded\"><img loading=\"lazy\" decoding=\"async\" width=\"1080\" height=\"1080\" src=\"https:\/\/szkoladucha.b-cdn.net\/duchowosc\/wp-content\/uploads\/sites\/13\/2025\/03\/10.jpg?x59117\" alt=\"\" class=\"wp-image-17089\" srcset=\"https:\/\/szkoladucha.pl\/duchowosc\/wp-content\/uploads\/sites\/13\/2025\/03\/10.jpg 1080w, https:\/\/szkoladucha.pl\/duchowosc\/wp-content\/uploads\/sites\/13\/2025\/03\/10-300x300.jpg 300w, https:\/\/szkoladucha.pl\/duchowosc\/wp-content\/uploads\/sites\/13\/2025\/03\/10-1024x1024.jpg 1024w, https:\/\/szkoladucha.pl\/duchowosc\/wp-content\/uploads\/sites\/13\/2025\/03\/10-150x150.jpg 150w, https:\/\/szkoladucha.pl\/duchowosc\/wp-content\/uploads\/sites\/13\/2025\/03\/10-768x768.jpg 768w, https:\/\/szkoladucha.pl\/duchowosc\/wp-content\/uploads\/sites\/13\/2025\/03\/10-400x400.jpg 400w, https:\/\/szkoladucha.pl\/duchowosc\/wp-content\/uploads\/sites\/13\/2025\/03\/10-100x100.jpg 100w\" sizes=\"auto, (max-width: 1080px) 100vw, 1080px\" \/><\/figure>\n\n\n\n<h2 class=\"gb-headline gb-headline-74c1c9a9 gb-headline-text\">ks. S\u0142awomir Paw\u0142owski<\/h2>\n\n<\/div>\n<\/div>\n<\/div>\n<\/div>\n<\/div>\n<\/div>\n<\/div>\n<\/div>","protected":false},"excerpt":{"rendered":"<p>Czym jest Lazy Summer Camp? Masz problemy w pracy, w ma\u0142\u017ce\u0144stwie lub ze zdrowiem? Uwa\u017casz, \u017ce nic nie mo\u017cesz na to poradzi\u0107 i ju\u017c dawno pogodzi\u0142e\u015b si\u0119 z tym? Wsta\u0144 z kanapy i we\u017a odpowiedzialno\u015b\u0107 za Twoje \u201cdzisiaj\u201d! Przekonaj si\u0119 sam, \u017ce jeszcze nie zrobi\u0142e\u015b wszystkiego! \u2705 Co zrobi\u0107, by wzi\u0105\u0107 odpowiedzialno\u015b\u0107 za swoje my\u015blenie &#8230; <a title=\"Lazy Summer Camp 2024\" class=\"read-more\" href=\"https:\/\/szkoladucha.pl\/duchowosc\/lazy-summer-camp-2024\/\" aria-label=\"Dowiedz si\u0119 wi\u0119cej o Lazy Summer Camp 2024\">Dowiedz si\u0119 wi\u0119cej<\/a><\/p>\n","protected":false},"author":3155,"featured_media":0,"parent":0,"menu_order":0,"comment_status":"closed","ping_status":"closed","template":"","meta":{"footnotes":""},"class_list":["post-17192","page","type-page","status-publish"],"yoast_head":"<!-- This site is optimized with the Yoast SEO plugin v27.3 - https:\/\/yoast.com\/product\/yoast-seo-wordpress\/ -->\n<title>Lazy Summer Camp 2024 - Szko\u0142a Ducha Duchowo\u015b\u0107<\/title>\n<meta name=\"robots\" content=\"index, follow, max-snippet:-1, max-image-preview:large, max-video-preview:-1\" \/>\n<link rel=\"canonical\" href=\"https:\/\/szkoladucha.pl\/duchowosc\/lazy-summer-camp-2024\/\" \/>\n<meta property=\"og:locale\" content=\"pl_PL\" \/>\n<meta property=\"og:type\" content=\"article\" \/>\n<meta property=\"og:title\" content=\"Lazy Summer Camp 2024 - Szko\u0142a Ducha Duchowo\u015b\u0107\" \/>\n<meta property=\"og:description\" content=\"Czym jest Lazy Summer Camp? Masz problemy w pracy, w ma\u0142\u017ce\u0144stwie lub ze zdrowiem? Uwa\u017casz, \u017ce nic nie mo\u017cesz na to poradzi\u0107 i ju\u017c dawno pogodzi\u0142e\u015b si\u0119 z tym? Wsta\u0144 z kanapy i we\u017a odpowiedzialno\u015b\u0107 za Twoje \u201cdzisiaj\u201d! Przekonaj si\u0119 sam, \u017ce jeszcze nie zrobi\u0142e\u015b wszystkiego! \u2705 Co zrobi\u0107, by wzi\u0105\u0107 odpowiedzialno\u015b\u0107 za swoje my\u015blenie ... Dowiedz si\u0119 wi\u0119cej\" \/>\n<meta property=\"og:url\" content=\"https:\/\/szkoladucha.pl\/duchowosc\/lazy-summer-camp-2024\/\" \/>\n<meta property=\"og:site_name\" content=\"Szko\u0142a Ducha Duchowo\u015b\u0107\" \/>\n<meta property=\"article:modified_time\" content=\"2025-03-14T14:06:25+00:00\" \/>\n<meta property=\"og:image\" content=\"https:\/\/szkoladucha.b-cdn.net\/duchowosc\/wp-content\/uploads\/sites\/13\/2024\/09\/2-oboz-letni-2024.jpg?x59117\" \/>\n<meta name=\"twitter:card\" content=\"summary_large_image\" \/>\n<meta name=\"twitter:label1\" content=\"Szacowany czas czytania\" \/>\n\t<meta name=\"twitter:data1\" content=\"2 minuty\" \/>\n<script type=\"application\/ld+json\" class=\"yoast-schema-graph\">{\"@context\":\"https:\\\/\\\/schema.org\",\"@graph\":[{\"@type\":\"WebPage\",\"@id\":\"https:\\\/\\\/szkoladucha.pl\\\/duchowosc\\\/lazy-summer-camp-2024\\\/\",\"url\":\"https:\\\/\\\/szkoladucha.pl\\\/duchowosc\\\/lazy-summer-camp-2024\\\/\",\"name\":\"Lazy Summer Camp 2024 - Szko\u0142a Ducha Duchowo\u015b\u0107\",\"isPartOf\":{\"@id\":\"https:\\\/\\\/szkoladucha.pl\\\/duchowosc\\\/#website\"},\"primaryImageOfPage\":{\"@id\":\"https:\\\/\\\/szkoladucha.pl\\\/duchowosc\\\/lazy-summer-camp-2024\\\/#primaryimage\"},\"image\":{\"@id\":\"https:\\\/\\\/szkoladucha.pl\\\/duchowosc\\\/lazy-summer-camp-2024\\\/#primaryimage\"},\"thumbnailUrl\":\"https:\\\/\\\/szkoladucha.b-cdn.net\\\/duchowosc\\\/wp-content\\\/uploads\\\/sites\\\/13\\\/2024\\\/09\\\/2-oboz-letni-2024.jpg?x59117\",\"datePublished\":\"2025-03-12T09:28:49+00:00\",\"dateModified\":\"2025-03-14T14:06:25+00:00\",\"breadcrumb\":{\"@id\":\"https:\\\/\\\/szkoladucha.pl\\\/duchowosc\\\/lazy-summer-camp-2024\\\/#breadcrumb\"},\"inLanguage\":\"pl-PL\",\"potentialAction\":[{\"@type\":\"ReadAction\",\"target\":[\"https:\\\/\\\/szkoladucha.pl\\\/duchowosc\\\/lazy-summer-camp-2024\\\/\"]}]},{\"@type\":\"ImageObject\",\"inLanguage\":\"pl-PL\",\"@id\":\"https:\\\/\\\/szkoladucha.pl\\\/duchowosc\\\/lazy-summer-camp-2024\\\/#primaryimage\",\"url\":\"https:\\\/\\\/szkoladucha.b-cdn.net\\\/duchowosc\\\/wp-content\\\/uploads\\\/sites\\\/13\\\/2024\\\/09\\\/2-oboz-letni-2024.jpg?x59117\",\"contentUrl\":\"https:\\\/\\\/szkoladucha.b-cdn.net\\\/duchowosc\\\/wp-content\\\/uploads\\\/sites\\\/13\\\/2024\\\/09\\\/2-oboz-letni-2024.jpg?x59117\"},{\"@type\":\"BreadcrumbList\",\"@id\":\"https:\\\/\\\/szkoladucha.pl\\\/duchowosc\\\/lazy-summer-camp-2024\\\/#breadcrumb\",\"itemListElement\":[{\"@type\":\"ListItem\",\"position\":1,\"name\":\"Kursy\",\"item\":\"https:\\\/\\\/szkoladucha.pl\\\/duchowosc\\\/\"},{\"@type\":\"ListItem\",\"position\":2,\"name\":\"Lazy Summer Camp 2024\"}]},{\"@type\":\"WebSite\",\"@id\":\"https:\\\/\\\/szkoladucha.pl\\\/duchowosc\\\/#website\",\"url\":\"https:\\\/\\\/szkoladucha.pl\\\/duchowosc\\\/\",\"name\":\"Szko\u0142a Ducha Duchowo\u015b\u0107\",\"description\":\"Budujemy spo\u0142ecze\u0144stwo, kt\u00f3re tak jak my, \u015bwiadomie post\u0119puje zgodnie z planem.\",\"publisher\":{\"@id\":\"https:\\\/\\\/szkoladucha.pl\\\/duchowosc\\\/#organization\"},\"potentialAction\":[{\"@type\":\"SearchAction\",\"target\":{\"@type\":\"EntryPoint\",\"urlTemplate\":\"https:\\\/\\\/szkoladucha.pl\\\/duchowosc\\\/?s={search_term_string}\"},\"query-input\":{\"@type\":\"PropertyValueSpecification\",\"valueRequired\":true,\"valueName\":\"search_term_string\"}}],\"inLanguage\":\"pl-PL\"},{\"@type\":\"Organization\",\"@id\":\"https:\\\/\\\/szkoladucha.pl\\\/duchowosc\\\/#organization\",\"name\":\"Szko\u0142a Ducha Duchowo\u015b\u0107\",\"url\":\"https:\\\/\\\/szkoladucha.pl\\\/duchowosc\\\/\",\"logo\":{\"@type\":\"ImageObject\",\"inLanguage\":\"pl-PL\",\"@id\":\"https:\\\/\\\/szkoladucha.pl\\\/duchowosc\\\/#\\\/schema\\\/logo\\\/image\\\/\",\"url\":\"https:\\\/\\\/szkoladucha.pl\\\/duchowosc\\\/wp-content\\\/uploads\\\/sites\\\/13\\\/2023\\\/09\\\/Duchowosc_Szkola_Ducha-Logo.svg\",\"contentUrl\":\"https:\\\/\\\/szkoladucha.pl\\\/duchowosc\\\/wp-content\\\/uploads\\\/sites\\\/13\\\/2023\\\/09\\\/Duchowosc_Szkola_Ducha-Logo.svg\",\"width\":100,\"height\":100,\"caption\":\"Szko\u0142a Ducha Duchowo\u015b\u0107\"},\"image\":{\"@id\":\"https:\\\/\\\/szkoladucha.pl\\\/duchowosc\\\/#\\\/schema\\\/logo\\\/image\\\/\"}}]}<\/script>\n<!-- \/ Yoast SEO plugin. -->","yoast_head_json":{"title":"Lazy Summer Camp 2024 - Szko\u0142a Ducha Duchowo\u015b\u0107","robots":{"index":"index","follow":"follow","max-snippet":"max-snippet:-1","max-image-preview":"max-image-preview:large","max-video-preview":"max-video-preview:-1"},"canonical":"https:\/\/szkoladucha.pl\/duchowosc\/lazy-summer-camp-2024\/","og_locale":"pl_PL","og_type":"article","og_title":"Lazy Summer Camp 2024 - Szko\u0142a Ducha Duchowo\u015b\u0107","og_description":"Czym jest Lazy Summer Camp? Masz problemy w pracy, w ma\u0142\u017ce\u0144stwie lub ze zdrowiem? Uwa\u017casz, \u017ce nic nie mo\u017cesz na to poradzi\u0107 i ju\u017c dawno pogodzi\u0142e\u015b si\u0119 z tym? Wsta\u0144 z kanapy i we\u017a odpowiedzialno\u015b\u0107 za Twoje \u201cdzisiaj\u201d! Przekonaj si\u0119 sam, \u017ce jeszcze nie zrobi\u0142e\u015b wszystkiego! \u2705 Co zrobi\u0107, by wzi\u0105\u0107 odpowiedzialno\u015b\u0107 za swoje my\u015blenie ... Dowiedz si\u0119 wi\u0119cej","og_url":"https:\/\/szkoladucha.pl\/duchowosc\/lazy-summer-camp-2024\/","og_site_name":"Szko\u0142a Ducha Duchowo\u015b\u0107","article_modified_time":"2025-03-14T14:06:25+00:00","og_image":[{"url":"https:\/\/szkoladucha.b-cdn.net\/duchowosc\/wp-content\/uploads\/sites\/13\/2024\/09\/2-oboz-letni-2024.jpg?x59117","type":"","width":"","height":""}],"twitter_card":"summary_large_image","twitter_misc":{"Szacowany czas czytania":"2 minuty"},"schema":{"@context":"https:\/\/schema.org","@graph":[{"@type":"WebPage","@id":"https:\/\/szkoladucha.pl\/duchowosc\/lazy-summer-camp-2024\/","url":"https:\/\/szkoladucha.pl\/duchowosc\/lazy-summer-camp-2024\/","name":"Lazy Summer Camp 2024 - Szko\u0142a Ducha Duchowo\u015b\u0107","isPartOf":{"@id":"https:\/\/szkoladucha.pl\/duchowosc\/#website"},"primaryImageOfPage":{"@id":"https:\/\/szkoladucha.pl\/duchowosc\/lazy-summer-camp-2024\/#primaryimage"},"image":{"@id":"https:\/\/szkoladucha.pl\/duchowosc\/lazy-summer-camp-2024\/#primaryimage"},"thumbnailUrl":"https:\/\/szkoladucha.b-cdn.net\/duchowosc\/wp-content\/uploads\/sites\/13\/2024\/09\/2-oboz-letni-2024.jpg?x59117","datePublished":"2025-03-12T09:28:49+00:00","dateModified":"2025-03-14T14:06:25+00:00","breadcrumb":{"@id":"https:\/\/szkoladucha.pl\/duchowosc\/lazy-summer-camp-2024\/#breadcrumb"},"inLanguage":"pl-PL","potentialAction":[{"@type":"ReadAction","target":["https:\/\/szkoladucha.pl\/duchowosc\/lazy-summer-camp-2024\/"]}]},{"@type":"ImageObject","inLanguage":"pl-PL","@id":"https:\/\/szkoladucha.pl\/duchowosc\/lazy-summer-camp-2024\/#primaryimage","url":"https:\/\/szkoladucha.b-cdn.net\/duchowosc\/wp-content\/uploads\/sites\/13\/2024\/09\/2-oboz-letni-2024.jpg?x59117","contentUrl":"https:\/\/szkoladucha.b-cdn.net\/duchowosc\/wp-content\/uploads\/sites\/13\/2024\/09\/2-oboz-letni-2024.jpg?x59117"},{"@type":"BreadcrumbList","@id":"https:\/\/szkoladucha.pl\/duchowosc\/lazy-summer-camp-2024\/#breadcrumb","itemListElement":[{"@type":"ListItem","position":1,"name":"Kursy","item":"https:\/\/szkoladucha.pl\/duchowosc\/"},{"@type":"ListItem","position":2,"name":"Lazy Summer Camp 2024"}]},{"@type":"WebSite","@id":"https:\/\/szkoladucha.pl\/duchowosc\/#website","url":"https:\/\/szkoladucha.pl\/duchowosc\/","name":"Szko\u0142a Ducha Duchowo\u015b\u0107","description":"Budujemy spo\u0142ecze\u0144stwo, kt\u00f3re tak jak my, \u015bwiadomie post\u0119puje zgodnie z planem.","publisher":{"@id":"https:\/\/szkoladucha.pl\/duchowosc\/#organization"},"potentialAction":[{"@type":"SearchAction","target":{"@type":"EntryPoint","urlTemplate":"https:\/\/szkoladucha.pl\/duchowosc\/?s={search_term_string}"},"query-input":{"@type":"PropertyValueSpecification","valueRequired":true,"valueName":"search_term_string"}}],"inLanguage":"pl-PL"},{"@type":"Organization","@id":"https:\/\/szkoladucha.pl\/duchowosc\/#organization","name":"Szko\u0142a Ducha Duchowo\u015b\u0107","url":"https:\/\/szkoladucha.pl\/duchowosc\/","logo":{"@type":"ImageObject","inLanguage":"pl-PL","@id":"https:\/\/szkoladucha.pl\/duchowosc\/#\/schema\/logo\/image\/","url":"https:\/\/szkoladucha.pl\/duchowosc\/wp-content\/uploads\/sites\/13\/2023\/09\/Duchowosc_Szkola_Ducha-Logo.svg","contentUrl":"https:\/\/szkoladucha.pl\/duchowosc\/wp-content\/uploads\/sites\/13\/2023\/09\/Duchowosc_Szkola_Ducha-Logo.svg","width":100,"height":100,"caption":"Szko\u0142a Ducha Duchowo\u015b\u0107"},"image":{"@id":"https:\/\/szkoladucha.pl\/duchowosc\/#\/schema\/logo\/image\/"}}]}},"_links":{"self":[{"href":"https:\/\/szkoladucha.pl\/duchowosc\/wp-json\/wp\/v2\/pages\/17192","targetHints":{"allow":["GET"]}}],"collection":[{"href":"https:\/\/szkoladucha.pl\/duchowosc\/wp-json\/wp\/v2\/pages"}],"about":[{"href":"https:\/\/szkoladucha.pl\/duchowosc\/wp-json\/wp\/v2\/types\/page"}],"author":[{"embeddable":true,"href":"https:\/\/szkoladucha.pl\/duchowosc\/wp-json\/wp\/v2\/users\/3155"}],"replies":[{"embeddable":true,"href":"https:\/\/szkoladucha.pl\/duchowosc\/wp-json\/wp\/v2\/comments?post=17192"}],"version-history":[{"count":1,"href":"https:\/\/szkoladucha.pl\/duchowosc\/wp-json\/wp\/v2\/pages\/17192\/revisions"}],"predecessor-version":[{"id":17194,"href":"https:\/\/szkoladucha.pl\/duchowosc\/wp-json\/wp\/v2\/pages\/17192\/revisions\/17194"}],"wp:attachment":[{"href":"https:\/\/szkoladucha.pl\/duchowosc\/wp-json\/wp\/v2\/media?parent=17192"}],"curies":[{"name":"wp","href":"https:\/\/api.w.org\/{rel}","templated":true}]}}