{"id":17233,"date":"2025-03-14T14:56:14","date_gmt":"2025-03-14T13:56:14","guid":{"rendered":"https:\/\/szkoladucha.pl\/duchowosc\/?page_id=17233"},"modified":"2025-03-14T14:56:40","modified_gmt":"2025-03-14T13:56:40","slug":"podstawowy-kurs-o-duchu-swietym-edycja-i","status":"publish","type":"page","link":"https:\/\/szkoladucha.pl\/duchowosc\/podstawowy-kurs-o-duchu-swietym-edycja-i\/","title":{"rendered":"Podstawowy Kurs o Duchu \u015awi\u0119tym &#8211; Edycja I"},"content":{"rendered":"<div class=\"gb-container gb-container-310972ae alignfull\">\n<div class=\"gb-container gb-container-b12f62fd alignfull\">\n<div class=\"gb-container gb-container-22ae239c\">\n<div class=\"gb-container gb-container-0d6704dc\">\n<div class=\"gb-container gb-container-d3196972\">\n<div class=\"gb-container gb-container-1da11c74\">\n<div class=\"wp-block-image\">\n<figure class=\"aligncenter size-full\"><img loading=\"lazy\" decoding=\"async\" width=\"600\" height=\"640\" src=\"https:\/\/szkoladucha.b-cdn.net\/duchowosc\/wp-content\/uploads\/sites\/13\/2024\/01\/13-ducha-swietego-2015.jpg?x59117\" alt=\"\" class=\"wp-image-16493\" srcset=\"https:\/\/szkoladucha.pl\/duchowosc\/wp-content\/uploads\/sites\/13\/2024\/01\/13-ducha-swietego-2015.jpg 600w, https:\/\/szkoladucha.pl\/duchowosc\/wp-content\/uploads\/sites\/13\/2024\/01\/13-ducha-swietego-2015-281x300.jpg 281w, https:\/\/szkoladucha.pl\/duchowosc\/wp-content\/uploads\/sites\/13\/2024\/01\/13-ducha-swietego-2015-400x427.jpg 400w\" sizes=\"auto, (max-width: 600px) 100vw, 600px\" \/><\/figure>\n<\/div>\n\n\n<a class=\"gb-button gb-button-b9d3aed6 gb-button-text\" href=\"#zapisz\">Subskrybuj<\/a>\n\n<\/div>\n<\/div>\n\n<div class=\"gb-container gb-container-6a4f16ac\">\n\n<h4 class=\"gb-headline gb-headline-32708916 gb-headline-text\"><strong><strong>Czym jest Podstawowy Kurs o Duchu \u015awi\u0119tym?<\/strong><\/strong><\/h4>\n\n\n\n<h4 class=\"gb-headline gb-headline-c3f81a80 gb-headline-text\">Czujesz, \u017ce brakuje Ci wiary, a Twoja modlitwa jakby nie mia\u0142a mocy? Chodzisz smutny i zniech\u0119cony? A mo\u017ce marzysz o \u017cyciu pe\u0142nym znak\u00f3w i cud\u00f3w, ale nie wiesz, od czego zacz\u0105\u0107? Potrzebujesz Ducha \u015awi\u0119tego! Szko\u0142a Ducha \u015awi\u0119tego to seria inspiruj\u0105cych naucza\u0144 o tym, jak korzysta\u0107 z Jego (po)mocy i pod\u0105\u017ca\u0107 za Nim na co dzie\u0144!<\/h4>\n\n\n\n<h4 class=\"gb-headline gb-headline-57bda8f7 gb-headline-text\">\u2705 Us\u0142yszysz, dlaczego to w\u0142a\u015bnie Duch \u015awi\u0119ty niesie zmian\u0119.<br>\u2705 Poznasz 3 przeszkody dla Ducha \u015awi\u0119tego.<br>\u2705 Nauczysz si\u0119 sprowadza\u0107 Bo\u017c\u0105 Obecno\u015b\u0107 na ziemi\u0119.<br>\u2705 Uporz\u0105dkujesz swoje my\u015bli i podej\u015bcie do pieni\u0119dzy.<br>\u2705 Dowiesz si\u0119, jak wsp\u00f3\u0142pracowa\u0107 z Duchem \u015awi\u0119tym i uwolnisz Go w sobie.<\/h4>\n\n\n<div class=\"gb-container gb-container-4bc7f516\">\n<div class=\"gb-container gb-container-6b6adda0\">\n<div class=\"gb-container gb-container-f8f83907\">\n\n<figure class=\"wp-block-image size-full\"><img decoding=\"async\" src=\"https:\/\/szkoladucha.pl\/wp-content\/uploads\/2025\/02\/image.png\" alt=\"\" class=\"wp-image-31372\" \/><\/figure>\n\n<\/div>\n\n<div class=\"gb-container gb-container-b0baedd2\">\n\n<h2 class=\"gb-headline gb-headline-4c56048f gb-headline-text\">7 godz. 10 min.<\/h2>\n\n<\/div>\n<\/div>\n\n<div class=\"gb-container gb-container-2d346f14\">\n<div class=\"gb-container gb-container-756cd317\">\n\n<figure class=\"wp-block-image size-full\"><img decoding=\"async\" src=\"https:\/\/szkoladucha.pl\/wp-content\/uploads\/2025\/02\/image-1.png\" alt=\"\" class=\"wp-image-31373\" \/><\/figure>\n\n<\/div>\n\n<div class=\"gb-container gb-container-a9acdcdf\">\n\n<h2 class=\"gb-headline gb-headline-9d30023a gb-headline-text\">18 naucza\u0144<\/h2>\n\n<\/div>\n<\/div>\n\n<div class=\"gb-container gb-container-cf432e76\">\n<div class=\"gb-container gb-container-5be4abd9\">\n\n<figure class=\"wp-block-image size-full\"><a href=\"https:\/\/szkoladucha.pl\/duchowosc\/wp-content\/uploads\/sites\/13\/2025\/02\/image.png\"><img loading=\"lazy\" decoding=\"async\" width=\"512\" height=\"512\" src=\"https:\/\/szkoladucha.pl\/duchowosc\/wp-content\/uploads\/sites\/13\/2025\/02\/image.png\" alt=\"\" class=\"wp-image-16530\" srcset=\"https:\/\/szkoladucha.pl\/duchowosc\/wp-content\/uploads\/sites\/13\/2025\/02\/image.png 512w, https:\/\/szkoladucha.pl\/duchowosc\/wp-content\/uploads\/sites\/13\/2025\/02\/image-300x300.png 300w, https:\/\/szkoladucha.pl\/duchowosc\/wp-content\/uploads\/sites\/13\/2025\/02\/image-150x150.png 150w, https:\/\/szkoladucha.pl\/duchowosc\/wp-content\/uploads\/sites\/13\/2025\/02\/image-400x400.png 400w, https:\/\/szkoladucha.pl\/duchowosc\/wp-content\/uploads\/sites\/13\/2025\/02\/image-100x100.png 100w\" sizes=\"auto, (max-width: 512px) 100vw, 512px\" \/><\/a><\/figure>\n\n<\/div>\n\n<div class=\"gb-container gb-container-91c84def\">\n\n<h2 class=\"gb-headline gb-headline-c48df515 gb-headline-text\">prorocze uwielbienie<\/h2>\n\n<\/div>\n<\/div>\n<\/div>\n\n\n<h2 class=\"gb-headline gb-headline-3e322014 gb-headline-text\">Prowadz\u0105cy<\/h2>\n\n\n<div class=\"gb-container gb-container-e7133620\">\n<div class=\"gb-container gb-container-482b70c4\">\n<div class=\"gb-container gb-container-39953308\">\n\n<figure class=\"wp-block-image size-full is-style-rounded\"><img loading=\"lazy\" decoding=\"async\" width=\"1080\" height=\"1080\" src=\"https:\/\/szkoladucha.b-cdn.net\/duchowosc\/wp-content\/uploads\/sites\/13\/2025\/03\/13.jpg?x59117\" alt=\"\" class=\"wp-image-17092\" srcset=\"https:\/\/szkoladucha.pl\/duchowosc\/wp-content\/uploads\/sites\/13\/2025\/03\/13.jpg 1080w, https:\/\/szkoladucha.pl\/duchowosc\/wp-content\/uploads\/sites\/13\/2025\/03\/13-300x300.jpg 300w, https:\/\/szkoladucha.pl\/duchowosc\/wp-content\/uploads\/sites\/13\/2025\/03\/13-1024x1024.jpg 1024w, https:\/\/szkoladucha.pl\/duchowosc\/wp-content\/uploads\/sites\/13\/2025\/03\/13-150x150.jpg 150w, https:\/\/szkoladucha.pl\/duchowosc\/wp-content\/uploads\/sites\/13\/2025\/03\/13-768x768.jpg 768w, https:\/\/szkoladucha.pl\/duchowosc\/wp-content\/uploads\/sites\/13\/2025\/03\/13-400x400.jpg 400w, https:\/\/szkoladucha.pl\/duchowosc\/wp-content\/uploads\/sites\/13\/2025\/03\/13-100x100.jpg 100w\" sizes=\"auto, (max-width: 1080px) 100vw, 1080px\" \/><\/figure>\n\n\n\n<h2 class=\"gb-headline gb-headline-0d14196e gb-headline-text\">Maria Vadia<\/h2>\n\n<\/div>\n\n<div class=\"gb-container gb-container-bb500b29\">\n\n<figure class=\"wp-block-image size-full is-style-rounded\"><img loading=\"lazy\" decoding=\"async\" width=\"1080\" height=\"1080\" src=\"https:\/\/szkoladucha.b-cdn.net\/duchowosc\/wp-content\/uploads\/sites\/13\/2025\/03\/7.jpg?x59117\" alt=\"\" class=\"wp-image-17085\" srcset=\"https:\/\/szkoladucha.pl\/duchowosc\/wp-content\/uploads\/sites\/13\/2025\/03\/7.jpg 1080w, https:\/\/szkoladucha.pl\/duchowosc\/wp-content\/uploads\/sites\/13\/2025\/03\/7-300x300.jpg 300w, https:\/\/szkoladucha.pl\/duchowosc\/wp-content\/uploads\/sites\/13\/2025\/03\/7-1024x1024.jpg 1024w, https:\/\/szkoladucha.pl\/duchowosc\/wp-content\/uploads\/sites\/13\/2025\/03\/7-150x150.jpg 150w, https:\/\/szkoladucha.pl\/duchowosc\/wp-content\/uploads\/sites\/13\/2025\/03\/7-768x768.jpg 768w, https:\/\/szkoladucha.pl\/duchowosc\/wp-content\/uploads\/sites\/13\/2025\/03\/7-400x400.jpg 400w, https:\/\/szkoladucha.pl\/duchowosc\/wp-content\/uploads\/sites\/13\/2025\/03\/7-100x100.jpg 100w\" sizes=\"auto, (max-width: 1080px) 100vw, 1080px\" \/><\/figure>\n\n\n\n<h2 class=\"gb-headline gb-headline-0e579162 gb-headline-text\">dr Anna Saj<\/h2>\n\n<\/div>\n\n<div class=\"gb-container gb-container-c428696d\">\n\n<figure class=\"wp-block-image size-full is-style-rounded\"><img loading=\"lazy\" decoding=\"async\" width=\"1080\" height=\"1080\" src=\"https:\/\/szkoladucha.b-cdn.net\/duchowosc\/wp-content\/uploads\/sites\/13\/2025\/03\/kalendarz-SD-9.jpg?x59117\" alt=\"\" class=\"wp-image-17096\" srcset=\"https:\/\/szkoladucha.pl\/duchowosc\/wp-content\/uploads\/sites\/13\/2025\/03\/kalendarz-SD-9.jpg 1080w, https:\/\/szkoladucha.pl\/duchowosc\/wp-content\/uploads\/sites\/13\/2025\/03\/kalendarz-SD-9-300x300.jpg 300w, https:\/\/szkoladucha.pl\/duchowosc\/wp-content\/uploads\/sites\/13\/2025\/03\/kalendarz-SD-9-1024x1024.jpg 1024w, https:\/\/szkoladucha.pl\/duchowosc\/wp-content\/uploads\/sites\/13\/2025\/03\/kalendarz-SD-9-150x150.jpg 150w, https:\/\/szkoladucha.pl\/duchowosc\/wp-content\/uploads\/sites\/13\/2025\/03\/kalendarz-SD-9-768x768.jpg 768w, https:\/\/szkoladucha.pl\/duchowosc\/wp-content\/uploads\/sites\/13\/2025\/03\/kalendarz-SD-9-400x400.jpg 400w, https:\/\/szkoladucha.pl\/duchowosc\/wp-content\/uploads\/sites\/13\/2025\/03\/kalendarz-SD-9-100x100.jpg 100w\" sizes=\"auto, (max-width: 1080px) 100vw, 1080px\" \/><\/figure>\n\n\n\n<h2 class=\"gb-headline gb-headline-74c1c9a9 gb-headline-text\">Micha\u0142 Saj<\/h2>\n\n<\/div>\n<\/div>\n<\/div>\n\n<div class=\"gb-container gb-container-d0e2f87e\">\n<div class=\"gb-container gb-container-77e5f365\">\n<div class=\"gb-container gb-container-b1031825\">\n\n<figure class=\"wp-block-image size-full is-style-rounded\"><img loading=\"lazy\" decoding=\"async\" width=\"1080\" height=\"1080\" src=\"https:\/\/szkoladucha.b-cdn.net\/duchowosc\/wp-content\/uploads\/sites\/13\/2025\/03\/6.jpg?x59117\" alt=\"\" class=\"wp-image-17094\" srcset=\"https:\/\/szkoladucha.pl\/duchowosc\/wp-content\/uploads\/sites\/13\/2025\/03\/6.jpg 1080w, https:\/\/szkoladucha.pl\/duchowosc\/wp-content\/uploads\/sites\/13\/2025\/03\/6-300x300.jpg 300w, https:\/\/szkoladucha.pl\/duchowosc\/wp-content\/uploads\/sites\/13\/2025\/03\/6-1024x1024.jpg 1024w, https:\/\/szkoladucha.pl\/duchowosc\/wp-content\/uploads\/sites\/13\/2025\/03\/6-150x150.jpg 150w, https:\/\/szkoladucha.pl\/duchowosc\/wp-content\/uploads\/sites\/13\/2025\/03\/6-768x768.jpg 768w, https:\/\/szkoladucha.pl\/duchowosc\/wp-content\/uploads\/sites\/13\/2025\/03\/6-400x400.jpg 400w, https:\/\/szkoladucha.pl\/duchowosc\/wp-content\/uploads\/sites\/13\/2025\/03\/6-100x100.jpg 100w\" sizes=\"auto, (max-width: 1080px) 100vw, 1080px\" \/><\/figure>\n\n\n\n<h2 class=\"gb-headline gb-headline-ae09cbf9 gb-headline-text\">Anna Maria Saj<\/h2>\n\n<\/div>\n<\/div>\n<\/div>\n<\/div>\n<\/div>\n<\/div>\n<\/div>\n<\/div>","protected":false},"excerpt":{"rendered":"<p>Czym jest Podstawowy Kurs o Duchu \u015awi\u0119tym? Czujesz, \u017ce brakuje Ci wiary, a Twoja modlitwa jakby nie mia\u0142a mocy? Chodzisz smutny i zniech\u0119cony? A mo\u017ce marzysz o \u017cyciu pe\u0142nym znak\u00f3w i cud\u00f3w, ale nie wiesz, od czego zacz\u0105\u0107? Potrzebujesz Ducha \u015awi\u0119tego! Szko\u0142a Ducha \u015awi\u0119tego to seria inspiruj\u0105cych naucza\u0144 o tym, jak korzysta\u0107 z Jego (po)mocy &#8230; <a title=\"Podstawowy Kurs o Duchu \u015awi\u0119tym &#8211; Edycja I\" class=\"read-more\" href=\"https:\/\/szkoladucha.pl\/duchowosc\/podstawowy-kurs-o-duchu-swietym-edycja-i\/\" aria-label=\"Dowiedz si\u0119 wi\u0119cej o Podstawowy Kurs o Duchu \u015awi\u0119tym &#8211; Edycja I\">Dowiedz si\u0119 wi\u0119cej<\/a><\/p>\n","protected":false},"author":3155,"featured_media":0,"parent":0,"menu_order":0,"comment_status":"closed","ping_status":"closed","template":"","meta":{"footnotes":""},"class_list":["post-17233","page","type-page","status-publish"],"yoast_head":"<!-- This site is optimized with the Yoast SEO plugin v27.3 - https:\/\/yoast.com\/product\/yoast-seo-wordpress\/ -->\n<title>Podstawowy Kurs o Duchu \u015awi\u0119tym - Edycja I - Szko\u0142a Ducha Duchowo\u015b\u0107<\/title>\n<meta name=\"robots\" content=\"index, follow, max-snippet:-1, max-image-preview:large, max-video-preview:-1\" \/>\n<link rel=\"canonical\" href=\"https:\/\/szkoladucha.pl\/duchowosc\/podstawowy-kurs-o-duchu-swietym-edycja-i\/\" \/>\n<meta property=\"og:locale\" content=\"pl_PL\" \/>\n<meta property=\"og:type\" content=\"article\" \/>\n<meta property=\"og:title\" content=\"Podstawowy Kurs o Duchu \u015awi\u0119tym - Edycja I - Szko\u0142a Ducha Duchowo\u015b\u0107\" \/>\n<meta property=\"og:description\" content=\"Czym jest Podstawowy Kurs o Duchu \u015awi\u0119tym? Czujesz, \u017ce brakuje Ci wiary, a Twoja modlitwa jakby nie mia\u0142a mocy? Chodzisz smutny i zniech\u0119cony? A mo\u017ce marzysz o \u017cyciu pe\u0142nym znak\u00f3w i cud\u00f3w, ale nie wiesz, od czego zacz\u0105\u0107? Potrzebujesz Ducha \u015awi\u0119tego! Szko\u0142a Ducha \u015awi\u0119tego to seria inspiruj\u0105cych naucza\u0144 o tym, jak korzysta\u0107 z Jego (po)mocy ... Dowiedz si\u0119 wi\u0119cej\" \/>\n<meta property=\"og:url\" content=\"https:\/\/szkoladucha.pl\/duchowosc\/podstawowy-kurs-o-duchu-swietym-edycja-i\/\" \/>\n<meta property=\"og:site_name\" content=\"Szko\u0142a Ducha Duchowo\u015b\u0107\" \/>\n<meta property=\"article:modified_time\" content=\"2025-03-14T13:56:40+00:00\" \/>\n<meta property=\"og:image\" content=\"https:\/\/szkoladucha.b-cdn.net\/duchowosc\/wp-content\/uploads\/sites\/13\/2024\/01\/13-ducha-swietego-2015.jpg?x59117\" \/>\n<meta name=\"twitter:card\" content=\"summary_large_image\" \/>\n<meta name=\"twitter:label1\" content=\"Szacowany czas czytania\" \/>\n\t<meta name=\"twitter:data1\" content=\"3 minuty\" \/>\n<script type=\"application\/ld+json\" class=\"yoast-schema-graph\">{\"@context\":\"https:\\\/\\\/schema.org\",\"@graph\":[{\"@type\":\"WebPage\",\"@id\":\"https:\\\/\\\/szkoladucha.pl\\\/duchowosc\\\/podstawowy-kurs-o-duchu-swietym-edycja-i\\\/\",\"url\":\"https:\\\/\\\/szkoladucha.pl\\\/duchowosc\\\/podstawowy-kurs-o-duchu-swietym-edycja-i\\\/\",\"name\":\"Podstawowy Kurs o Duchu \u015awi\u0119tym - Edycja I - Szko\u0142a Ducha Duchowo\u015b\u0107\",\"isPartOf\":{\"@id\":\"https:\\\/\\\/szkoladucha.pl\\\/duchowosc\\\/#website\"},\"primaryImageOfPage\":{\"@id\":\"https:\\\/\\\/szkoladucha.pl\\\/duchowosc\\\/podstawowy-kurs-o-duchu-swietym-edycja-i\\\/#primaryimage\"},\"image\":{\"@id\":\"https:\\\/\\\/szkoladucha.pl\\\/duchowosc\\\/podstawowy-kurs-o-duchu-swietym-edycja-i\\\/#primaryimage\"},\"thumbnailUrl\":\"https:\\\/\\\/szkoladucha.b-cdn.net\\\/duchowosc\\\/wp-content\\\/uploads\\\/sites\\\/13\\\/2024\\\/01\\\/13-ducha-swietego-2015.jpg?x59117\",\"datePublished\":\"2025-03-14T13:56:14+00:00\",\"dateModified\":\"2025-03-14T13:56:40+00:00\",\"breadcrumb\":{\"@id\":\"https:\\\/\\\/szkoladucha.pl\\\/duchowosc\\\/podstawowy-kurs-o-duchu-swietym-edycja-i\\\/#breadcrumb\"},\"inLanguage\":\"pl-PL\",\"potentialAction\":[{\"@type\":\"ReadAction\",\"target\":[\"https:\\\/\\\/szkoladucha.pl\\\/duchowosc\\\/podstawowy-kurs-o-duchu-swietym-edycja-i\\\/\"]}]},{\"@type\":\"ImageObject\",\"inLanguage\":\"pl-PL\",\"@id\":\"https:\\\/\\\/szkoladucha.pl\\\/duchowosc\\\/podstawowy-kurs-o-duchu-swietym-edycja-i\\\/#primaryimage\",\"url\":\"https:\\\/\\\/szkoladucha.b-cdn.net\\\/duchowosc\\\/wp-content\\\/uploads\\\/sites\\\/13\\\/2024\\\/01\\\/13-ducha-swietego-2015.jpg?x59117\",\"contentUrl\":\"https:\\\/\\\/szkoladucha.b-cdn.net\\\/duchowosc\\\/wp-content\\\/uploads\\\/sites\\\/13\\\/2024\\\/01\\\/13-ducha-swietego-2015.jpg?x59117\"},{\"@type\":\"BreadcrumbList\",\"@id\":\"https:\\\/\\\/szkoladucha.pl\\\/duchowosc\\\/podstawowy-kurs-o-duchu-swietym-edycja-i\\\/#breadcrumb\",\"itemListElement\":[{\"@type\":\"ListItem\",\"position\":1,\"name\":\"Kursy\",\"item\":\"https:\\\/\\\/szkoladucha.pl\\\/duchowosc\\\/\"},{\"@type\":\"ListItem\",\"position\":2,\"name\":\"Podstawowy Kurs o Duchu \u015awi\u0119tym &#8211; Edycja I\"}]},{\"@type\":\"WebSite\",\"@id\":\"https:\\\/\\\/szkoladucha.pl\\\/duchowosc\\\/#website\",\"url\":\"https:\\\/\\\/szkoladucha.pl\\\/duchowosc\\\/\",\"name\":\"Szko\u0142a Ducha Duchowo\u015b\u0107\",\"description\":\"Budujemy spo\u0142ecze\u0144stwo, kt\u00f3re tak jak my, \u015bwiadomie post\u0119puje zgodnie z planem.\",\"publisher\":{\"@id\":\"https:\\\/\\\/szkoladucha.pl\\\/duchowosc\\\/#organization\"},\"potentialAction\":[{\"@type\":\"SearchAction\",\"target\":{\"@type\":\"EntryPoint\",\"urlTemplate\":\"https:\\\/\\\/szkoladucha.pl\\\/duchowosc\\\/?s={search_term_string}\"},\"query-input\":{\"@type\":\"PropertyValueSpecification\",\"valueRequired\":true,\"valueName\":\"search_term_string\"}}],\"inLanguage\":\"pl-PL\"},{\"@type\":\"Organization\",\"@id\":\"https:\\\/\\\/szkoladucha.pl\\\/duchowosc\\\/#organization\",\"name\":\"Szko\u0142a Ducha Duchowo\u015b\u0107\",\"url\":\"https:\\\/\\\/szkoladucha.pl\\\/duchowosc\\\/\",\"logo\":{\"@type\":\"ImageObject\",\"inLanguage\":\"pl-PL\",\"@id\":\"https:\\\/\\\/szkoladucha.pl\\\/duchowosc\\\/#\\\/schema\\\/logo\\\/image\\\/\",\"url\":\"https:\\\/\\\/szkoladucha.pl\\\/duchowosc\\\/wp-content\\\/uploads\\\/sites\\\/13\\\/2023\\\/09\\\/Duchowosc_Szkola_Ducha-Logo.svg\",\"contentUrl\":\"https:\\\/\\\/szkoladucha.pl\\\/duchowosc\\\/wp-content\\\/uploads\\\/sites\\\/13\\\/2023\\\/09\\\/Duchowosc_Szkola_Ducha-Logo.svg\",\"width\":100,\"height\":100,\"caption\":\"Szko\u0142a Ducha Duchowo\u015b\u0107\"},\"image\":{\"@id\":\"https:\\\/\\\/szkoladucha.pl\\\/duchowosc\\\/#\\\/schema\\\/logo\\\/image\\\/\"}}]}<\/script>\n<!-- \/ Yoast SEO plugin. -->","yoast_head_json":{"title":"Podstawowy Kurs o Duchu \u015awi\u0119tym - Edycja I - Szko\u0142a Ducha Duchowo\u015b\u0107","robots":{"index":"index","follow":"follow","max-snippet":"max-snippet:-1","max-image-preview":"max-image-preview:large","max-video-preview":"max-video-preview:-1"},"canonical":"https:\/\/szkoladucha.pl\/duchowosc\/podstawowy-kurs-o-duchu-swietym-edycja-i\/","og_locale":"pl_PL","og_type":"article","og_title":"Podstawowy Kurs o Duchu \u015awi\u0119tym - Edycja I - Szko\u0142a Ducha Duchowo\u015b\u0107","og_description":"Czym jest Podstawowy Kurs o Duchu \u015awi\u0119tym? Czujesz, \u017ce brakuje Ci wiary, a Twoja modlitwa jakby nie mia\u0142a mocy? Chodzisz smutny i zniech\u0119cony? A mo\u017ce marzysz o \u017cyciu pe\u0142nym znak\u00f3w i cud\u00f3w, ale nie wiesz, od czego zacz\u0105\u0107? Potrzebujesz Ducha \u015awi\u0119tego! Szko\u0142a Ducha \u015awi\u0119tego to seria inspiruj\u0105cych naucza\u0144 o tym, jak korzysta\u0107 z Jego (po)mocy ... Dowiedz si\u0119 wi\u0119cej","og_url":"https:\/\/szkoladucha.pl\/duchowosc\/podstawowy-kurs-o-duchu-swietym-edycja-i\/","og_site_name":"Szko\u0142a Ducha Duchowo\u015b\u0107","article_modified_time":"2025-03-14T13:56:40+00:00","og_image":[{"url":"https:\/\/szkoladucha.b-cdn.net\/duchowosc\/wp-content\/uploads\/sites\/13\/2024\/01\/13-ducha-swietego-2015.jpg?x59117","type":"","width":"","height":""}],"twitter_card":"summary_large_image","twitter_misc":{"Szacowany czas czytania":"3 minuty"},"schema":{"@context":"https:\/\/schema.org","@graph":[{"@type":"WebPage","@id":"https:\/\/szkoladucha.pl\/duchowosc\/podstawowy-kurs-o-duchu-swietym-edycja-i\/","url":"https:\/\/szkoladucha.pl\/duchowosc\/podstawowy-kurs-o-duchu-swietym-edycja-i\/","name":"Podstawowy Kurs o Duchu \u015awi\u0119tym - Edycja I - Szko\u0142a Ducha Duchowo\u015b\u0107","isPartOf":{"@id":"https:\/\/szkoladucha.pl\/duchowosc\/#website"},"primaryImageOfPage":{"@id":"https:\/\/szkoladucha.pl\/duchowosc\/podstawowy-kurs-o-duchu-swietym-edycja-i\/#primaryimage"},"image":{"@id":"https:\/\/szkoladucha.pl\/duchowosc\/podstawowy-kurs-o-duchu-swietym-edycja-i\/#primaryimage"},"thumbnailUrl":"https:\/\/szkoladucha.b-cdn.net\/duchowosc\/wp-content\/uploads\/sites\/13\/2024\/01\/13-ducha-swietego-2015.jpg?x59117","datePublished":"2025-03-14T13:56:14+00:00","dateModified":"2025-03-14T13:56:40+00:00","breadcrumb":{"@id":"https:\/\/szkoladucha.pl\/duchowosc\/podstawowy-kurs-o-duchu-swietym-edycja-i\/#breadcrumb"},"inLanguage":"pl-PL","potentialAction":[{"@type":"ReadAction","target":["https:\/\/szkoladucha.pl\/duchowosc\/podstawowy-kurs-o-duchu-swietym-edycja-i\/"]}]},{"@type":"ImageObject","inLanguage":"pl-PL","@id":"https:\/\/szkoladucha.pl\/duchowosc\/podstawowy-kurs-o-duchu-swietym-edycja-i\/#primaryimage","url":"https:\/\/szkoladucha.b-cdn.net\/duchowosc\/wp-content\/uploads\/sites\/13\/2024\/01\/13-ducha-swietego-2015.jpg?x59117","contentUrl":"https:\/\/szkoladucha.b-cdn.net\/duchowosc\/wp-content\/uploads\/sites\/13\/2024\/01\/13-ducha-swietego-2015.jpg?x59117"},{"@type":"BreadcrumbList","@id":"https:\/\/szkoladucha.pl\/duchowosc\/podstawowy-kurs-o-duchu-swietym-edycja-i\/#breadcrumb","itemListElement":[{"@type":"ListItem","position":1,"name":"Kursy","item":"https:\/\/szkoladucha.pl\/duchowosc\/"},{"@type":"ListItem","position":2,"name":"Podstawowy Kurs o Duchu \u015awi\u0119tym &#8211; Edycja I"}]},{"@type":"WebSite","@id":"https:\/\/szkoladucha.pl\/duchowosc\/#website","url":"https:\/\/szkoladucha.pl\/duchowosc\/","name":"Szko\u0142a Ducha Duchowo\u015b\u0107","description":"Budujemy spo\u0142ecze\u0144stwo, kt\u00f3re tak jak my, \u015bwiadomie post\u0119puje zgodnie z planem.","publisher":{"@id":"https:\/\/szkoladucha.pl\/duchowosc\/#organization"},"potentialAction":[{"@type":"SearchAction","target":{"@type":"EntryPoint","urlTemplate":"https:\/\/szkoladucha.pl\/duchowosc\/?s={search_term_string}"},"query-input":{"@type":"PropertyValueSpecification","valueRequired":true,"valueName":"search_term_string"}}],"inLanguage":"pl-PL"},{"@type":"Organization","@id":"https:\/\/szkoladucha.pl\/duchowosc\/#organization","name":"Szko\u0142a Ducha Duchowo\u015b\u0107","url":"https:\/\/szkoladucha.pl\/duchowosc\/","logo":{"@type":"ImageObject","inLanguage":"pl-PL","@id":"https:\/\/szkoladucha.pl\/duchowosc\/#\/schema\/logo\/image\/","url":"https:\/\/szkoladucha.pl\/duchowosc\/wp-content\/uploads\/sites\/13\/2023\/09\/Duchowosc_Szkola_Ducha-Logo.svg","contentUrl":"https:\/\/szkoladucha.pl\/duchowosc\/wp-content\/uploads\/sites\/13\/2023\/09\/Duchowosc_Szkola_Ducha-Logo.svg","width":100,"height":100,"caption":"Szko\u0142a Ducha Duchowo\u015b\u0107"},"image":{"@id":"https:\/\/szkoladucha.pl\/duchowosc\/#\/schema\/logo\/image\/"}}]}},"_links":{"self":[{"href":"https:\/\/szkoladucha.pl\/duchowosc\/wp-json\/wp\/v2\/pages\/17233","targetHints":{"allow":["GET"]}}],"collection":[{"href":"https:\/\/szkoladucha.pl\/duchowosc\/wp-json\/wp\/v2\/pages"}],"about":[{"href":"https:\/\/szkoladucha.pl\/duchowosc\/wp-json\/wp\/v2\/types\/page"}],"author":[{"embeddable":true,"href":"https:\/\/szkoladucha.pl\/duchowosc\/wp-json\/wp\/v2\/users\/3155"}],"replies":[{"embeddable":true,"href":"https:\/\/szkoladucha.pl\/duchowosc\/wp-json\/wp\/v2\/comments?post=17233"}],"version-history":[{"count":2,"href":"https:\/\/szkoladucha.pl\/duchowosc\/wp-json\/wp\/v2\/pages\/17233\/revisions"}],"predecessor-version":[{"id":17235,"href":"https:\/\/szkoladucha.pl\/duchowosc\/wp-json\/wp\/v2\/pages\/17233\/revisions\/17235"}],"wp:attachment":[{"href":"https:\/\/szkoladucha.pl\/duchowosc\/wp-json\/wp\/v2\/media?parent=17233"}],"curies":[{"name":"wp","href":"https:\/\/api.w.org\/{rel}","templated":true}]}}